{"id":51875,"date":"2023-05-26T14:55:05","date_gmt":"2023-05-26T14:55:05","guid":{"rendered":"https:\/\/helpagecanada.wpengine.com\/nos-programmes\/programmes-canadiens\/age-better\/"},"modified":"2025-07-21T11:43:09","modified_gmt":"2025-07-21T15:43:09","slug":"vivre-mieux","status":"publish","type":"page","link":"https:\/\/helpagecanada.ca\/fr\/nos-programmes\/programmes-canadiens\/vivre-mieux\/","title":{"rendered":"Vivre mieux"},"content":{"rendered":"<p>[et_pb_section fb_built=\u00a0\u00bb1&Prime; _builder_version=\u00a0\u00bb4.21.0&Prime; _module_preset=\u00a0\u00bbdefault\u00a0\u00bb background_color=\u00a0\u00bb#BB0F18&Prime; use_background_color_gradient=\u00a0\u00bbon\u00a0\u00bb background_color_gradient_stops=\u00a0\u00bbrgba(0,0,0,0.35) 30%|rgba(255,255,255,0) 100%\u00a0\u00bb background_color_gradient_overlays_image=\u00a0\u00bbon\u00a0\u00bb background_image=\u00a0\u00bbhttps:\/\/helpagecanada.ca\/wp-content\/uploads\/iStock-1467102757-scaled.jpg\u00a0\u00bb background_position=\u00a0\u00bbtop_left\u00a0\u00bb background_horizontal_offset=\u00a0\u00bb-3%\u00a0\u00bb background_vertical_offset=\u00a0\u00bb41%\u00a0\u00bb custom_margin=\u00a0\u00bb||||false|false\u00a0\u00bb custom_padding=\u00a0\u00bb||||false|false\u00a0\u00bb background_last_edited=\u00a0\u00bbon|phone\u00a0\u00bb background_position_phone=\u00a0\u00bbcenter\u00a0\u00bb global_colors_info=\u00a0\u00bb{}\u00a0\u00bb][et_pb_row column_structure=\u00a0\u00bb1_2,1_2&Prime; custom_padding_last_edited=\u00a0\u00bbon|phone\u00a0\u00bb _builder_version=\u00a0\u00bb4.18.0&Prime; _module_preset=\u00a0\u00bbdefault\u00a0\u00bb module_alignment=\u00a0\u00bbcenter\u00a0\u00bb custom_margin=\u00a0\u00bb|auto||-1px||\u00a0\u00bb custom_padding=\u00a0\u00bb130px||130px||true|\u00a0\u00bb custom_padding_tablet=\u00a0\u00bb130px||130px||true|\u00a0\u00bb custom_padding_phone=\u00a0\u00bb30px||0px||false|false\u00a0\u00bb global_colors_info=\u00a0\u00bb{}\u00a0\u00bb][et_pb_column type=\u00a0\u00bb1_2&Prime; _builder_version=\u00a0\u00bb4.18.0&Prime; _module_preset=\u00a0\u00bbdefault\u00a0\u00bb global_colors_info=\u00a0\u00bb{}\u00a0\u00bb][et_pb_image src=\u00a0\u00bbhttps:\/\/helpagecanada.ca\/wp-content\/uploads\/VivreMieux_white.png\u00a0\u00bb title_text=\u00a0\u00bbVivreMieux_white\u00a0\u00bb _builder_version=\u00a0\u00bb4.22.1&Prime; _module_preset=\u00a0\u00bbdefault\u00a0\u00bb width=\u00a0\u00bb81%\u00a0\u00bb custom_margin=\u00a0\u00bb||||false|false\u00a0\u00bb global_colors_info=\u00a0\u00bb{}\u00a0\u00bb][\/et_pb_image][\/et_pb_column][et_pb_column type=\u00a0\u00bb1_2&Prime; _builder_version=\u00a0\u00bb4.18.0&Prime; _module_preset=\u00a0\u00bbdefault\u00a0\u00bb global_colors_info=\u00a0\u00bb{}\u00a0\u00bb][\/et_pb_column][\/et_pb_row][\/et_pb_section][et_pb_section fb_built=\u00a0\u00bb1&Prime; _builder_version=\u00a0\u00bb4.27.4&Prime; _module_preset=\u00a0\u00bbdefault\u00a0\u00bb global_colors_info=\u00a0\u00bb{}\u00a0\u00bb][et_pb_row column_structure=\u00a0\u00bb1_2,1_2&Prime; _builder_version=\u00a0\u00bb4.27.4&Prime; _module_preset=\u00a0\u00bbdefault\u00a0\u00bb custom_margin=\u00a0\u00bb|auto|-97px|auto||\u00a0\u00bb custom_padding=\u00a0\u00bb||13px|||\u00a0\u00bb global_colors_info=\u00a0\u00bb{}\u00a0\u00bb][et_pb_column type=\u00a0\u00bb1_2&Prime; _builder_version=\u00a0\u00bb4.27.4&Prime; _module_preset=\u00a0\u00bbdefault\u00a0\u00bb global_colors_info=\u00a0\u00bb{}\u00a0\u00bb][et_pb_text _builder_version=\u00a0\u00bb4.27.4&Prime; _module_preset=\u00a0\u00bbdefault\u00a0\u00bb global_colors_info=\u00a0\u00bb{}\u00a0\u00bb]<\/p>\n<h6><strong><span data-olk-copy-source=\"MessageBody\">Les d\u00e9cisions seront communiqu\u00e9es par courrier \u00e9lectronique avant la fin de la journ\u00e9e du 21 mai.<\/span><\/strong><\/h6>\n<p><span style=\"font-weight: 400;\">Les organisations communautaires pancanadiennes qui soutiennent les personnes a\u00een\u00e9es peuvent demander des subventions pouvant atteindre 20 000 $ pour renforcer les liens sociaux, lutter contre l\u2019\u00e2gisme et promouvoir le bien-\u00eatre. Les volets de cette ann\u00e9e comprennent <a href=\"https:\/\/helpagecanada.ca\/wp-content\/uploads\/Vieillir-en-action.pdf\" rel=\"attachment wp-att-60894\">Vieillir en action<\/a>, qui finance des programmes visant \u00e0 r\u00e9duire l\u2019isolement social, et <a href=\"https:\/\/helpagecanada.ca\/wp-content\/uploads\/Vieillir-avec-courage.pdf\">Vieillir avec courage<\/a>, qui soutient des initiatives de lutte contre l\u2019\u00e2gisme et de protection des droits des personnes a\u00een\u00e9es.<\/span><\/p>\n<p><span data-teams=\"true\"><strong>Avez-vous des questions? <a href=\"https:\/\/helpagecanada.ca\/wp-content\/uploads\/FRE-Final-Age-Better-2025-Frequently-Asked-Questions-FAQs-.pdf\" rel=\"attachment wp-att-60911\">Consultez notre page de questions fr\u00e9quemment pos\u00e9es !<\/a><\/strong><\/span><\/p>\n<p>[\/et_pb_text][\/et_pb_column][et_pb_column type=\u00a0\u00bb1_2&Prime; _builder_version=\u00a0\u00bb4.27.4&Prime; _module_preset=\u00a0\u00bbdefault\u00a0\u00bb global_colors_info=\u00a0\u00bb{}\u00a0\u00bb][et_pb_image src=\u00a0\u00bbhttps:\/\/helpagecanada.ca\/wp-content\/uploads\/Age-Better-Webinar-Post-7.png\u00a0\u00bb title_text=\u00a0\u00bbAge Better Webinar Post (7)\u00a0\u00bb _builder_version=\u00a0\u00bb4.27.4&Prime; _module_preset=\u00a0\u00bbdefault\u00a0\u00bb width=\u00a0\u00bb72%\u00a0\u00bb custom_margin=\u00a0\u00bb||5px||false|false\u00a0\u00bb global_colors_info=\u00a0\u00bb{}\u00a0\u00bb][\/et_pb_image][\/et_pb_column][\/et_pb_row][\/et_pb_section][et_pb_section fb_built=\u00a0\u00bb1&Prime; _builder_version=\u00a0\u00bb4.27.4&Prime; _module_preset=\u00a0\u00bbdefault\u00a0\u00bb custom_padding=\u00a0\u00bb||0px|||\u00a0\u00bb global_colors_info=\u00a0\u00bb{}\u00a0\u00bb][\/et_pb_section][et_pb_section fb_built=\u00a0\u00bb1&Prime; _builder_version=\u00a0\u00bb4.25.1&Prime; _module_preset=\u00a0\u00bbdefault\u00a0\u00bb global_colors_info=\u00a0\u00bb{}\u00a0\u00bb][et_pb_row column_structure=\u00a0\u00bb1_2,1_2&Prime; _builder_version=\u00a0\u00bb4.21.0&Prime; _module_preset=\u00a0\u00bbdefault\u00a0\u00bb global_colors_info=\u00a0\u00bb{}\u00a0\u00bb][et_pb_column type=\u00a0\u00bb1_2&Prime; _builder_version=\u00a0\u00bb4.21.0&Prime; _module_preset=\u00a0\u00bbdefault\u00a0\u00bb global_colors_info=\u00a0\u00bb{}\u00a0\u00bb][et_pb_text _builder_version=\u00a0\u00bb4.21.0&Prime; _module_preset=\u00a0\u00bbdefault\u00a0\u00bb width=\u00a0\u00bb90%\u00a0\u00bb module_alignment=\u00a0\u00bbcenter\u00a0\u00bb global_colors_info=\u00a0\u00bb{}\u00a0\u00bb]<\/p>\n<p>Trop d\u2019a\u00een\u00e9s canadiens sont confront\u00e9s \u00e0 des obstacles \u00e9conomiques et sociaux, les individus \u00e2g\u00e9s de 65 ans et plus ayant un revenu m\u00e9dian apr\u00e8s imp\u00f4t de seulement 29 500 $ selon <a href=\"https:\/\/www150.statcan.gc.ca\/n1\/daily-quotidien\/210323\/dq210323a-eng.htm\">Statistique Canada<\/a> &#8211; un chiffre qui est encore plus bas chez les personnes \u00e2g\u00e9es des communaut\u00e9s marginalis\u00e9es.<\/p>\n<p>Vivre mieux accorde des subventions aux organisations communautaires de services aux personnes \u00e2g\u00e9es, afin qu&rsquo;elles puissent fournir aux a\u00een\u00e9s de leur communaut\u00e9 l&rsquo;\u00e9quipement, les services et les programmes sociaux dont elles ont besoin pour rester en bonne sant\u00e9, engag\u00e9es et actives.<\/p>\n<p>[\/et_pb_text][\/et_pb_column][et_pb_column type=\u00a0\u00bb1_2&Prime; _builder_version=\u00a0\u00bb4.21.0&Prime; _module_preset=\u00a0\u00bbdefault\u00a0\u00bb global_colors_info=\u00a0\u00bb{}\u00a0\u00bb][et_pb_text _builder_version=\u00a0\u00bb4.21.0&Prime; _module_preset=\u00a0\u00bbdefault\u00a0\u00bb text_font=\u00a0\u00bb|700|||||||\u00a0\u00bb background_color=\u00a0\u00bb#BB0F18&Prime; transform_skew_linked=\u00a0\u00bboff\u00a0\u00bb background_layout=\u00a0\u00bbdark\u00a0\u00bb custom_margin=\u00a0\u00bb||||true|false\u00a0\u00bb custom_padding=\u00a0\u00bb40px|80px|10px|80px|false|true\u00a0\u00bb custom_css_main_element=\u00a0\u00bb padding: 5rem;||    height: 80%;||    clip-path: polygon(0 15%,100% 0%,100% 100%,0 85%,0 0);\u00a0\u00bb global_colors_info=\u00a0\u00bb{}\u00a0\u00bb]<\/p>\n<p style=\"text-align: center;\">Depuis 2020, le programme \u00ab\u00a0Vivre mieux\u00a0\u00bb a touch\u00e9 plus de 5 600 personnes \u00e2g\u00e9es dans plus de 45 collectivit\u00e9s locales au Canada.<\/p>\n<ul><\/ul>\n<p>[\/et_pb_text][\/et_pb_column][\/et_pb_row][et_pb_row _builder_version=\u00a0\u00bb4.18.0&Prime; _module_preset=\u00a0\u00bbdefault\u00a0\u00bb custom_padding=\u00a0\u00bb|0px|3px|||\u00a0\u00bb global_colors_info=\u00a0\u00bb{}\u00a0\u00bb][et_pb_column type=\u00a0\u00bb4_4&Prime; _builder_version=\u00a0\u00bb4.18.0&Prime; _module_preset=\u00a0\u00bbdefault\u00a0\u00bb global_colors_info=\u00a0\u00bb{}\u00a0\u00bb][et_pb_divider color=\u00a0\u00bb#707070&Prime; divider_position=\u00a0\u00bbcenter\u00a0\u00bb _builder_version=\u00a0\u00bb4.21.0&Prime; _module_preset=\u00a0\u00bbdefault\u00a0\u00bb global_colors_info=\u00a0\u00bb{}\u00a0\u00bb][\/et_pb_divider][et_pb_text _builder_version=\u00a0\u00bb4.21.0&Prime; _module_preset=\u00a0\u00bbdefault\u00a0\u00bb global_colors_info=\u00a0\u00bb{}\u00a0\u00bb]<\/p>\n<h3 style=\"text-align: center;\"><strong>Nous soutenons les personnes \u00e2g\u00e9es vivant \u00e0 travers le Canada :<\/strong><\/h3>\n<p>[\/et_pb_text][et_pb_image src=\u00a0\u00bbhttps:\/\/helpagecanada.ca\/wp-content\/uploads\/Age-Better-Map-1-1.png\u00a0\u00bb title_text=\u00a0\u00bbAge Better Map (1)\u00a0\u00bb _builder_version=\u00a0\u00bb4.25.1&Prime; _module_preset=\u00a0\u00bbdefault\u00a0\u00bb global_colors_info=\u00a0\u00bb{}\u00a0\u00bb][\/et_pb_image][et_pb_divider color=\u00a0\u00bb#707070&Prime; divider_position=\u00a0\u00bbcenter\u00a0\u00bb _builder_version=\u00a0\u00bb4.21.0&Prime; _module_preset=\u00a0\u00bbdefault\u00a0\u00bb global_colors_info=\u00a0\u00bb{}\u00a0\u00bb][\/et_pb_divider][\/et_pb_column][\/et_pb_row][et_pb_row column_structure=\u00a0\u00bb1_2,1_2&Prime; _builder_version=\u00a0\u00bb4.21.0&Prime; _module_preset=\u00a0\u00bbdefault\u00a0\u00bb custom_padding=\u00a0\u00bb||0px|||\u00a0\u00bb global_colors_info=\u00a0\u00bb{}\u00a0\u00bb][et_pb_column type=\u00a0\u00bb1_2&Prime; _builder_version=\u00a0\u00bb4.21.0&Prime; _module_preset=\u00a0\u00bbdefault\u00a0\u00bb global_colors_info=\u00a0\u00bb{}\u00a0\u00bb][et_pb_text _builder_version=\u00a0\u00bb4.21.0&Prime; _module_preset=\u00a0\u00bbdefault\u00a0\u00bb global_colors_info=\u00a0\u00bb{}\u00a0\u00bb]<\/p>\n<p><strong>Vivre mieux au sein de la communaut\u00e9, c&rsquo;est am\u00e9liorer :<\/strong><\/p>\n<ul>\n<li>\n<p>l&rsquo;acc\u00e8s \u00e0 des \u00e9quipements ou dispositifs d&rsquo;aide \u00e0 la mobilit\u00e9 et \u00e0 la communication<\/p>\n<\/li>\n<li>\n<p>l&rsquo;acc\u00e8s aux soins dentaires et aux services de soutien tels que le transport, les repas livr\u00e9s et l&rsquo;adh\u00e9sion \u00e0 un centre pour personnes \u00e2g\u00e9es.<\/p>\n<\/li>\n<li>\n<p>l&rsquo;acc\u00e8s \u00e0 des programmes innovants qui r\u00e9pondent aux besoins sp\u00e9cifiques de la communaut\u00e9<\/p>\n<\/li>\n<\/ul>\n<p>[\/et_pb_text][\/et_pb_column][et_pb_column type=\u00a0\u00bb1_2&Prime; _builder_version=\u00a0\u00bb4.21.0&Prime; _module_preset=\u00a0\u00bbdefault\u00a0\u00bb global_colors_info=\u00a0\u00bb{}\u00a0\u00bb][et_pb_text _builder_version=\u00a0\u00bb4.21.0&Prime; _module_preset=\u00a0\u00bbdefault\u00a0\u00bb text_font=\u00a0\u00bb|700|||||||\u00a0\u00bb link_font=\u00a0\u00bb|700||||||#FFFFFF|\u00a0\u00bb link_text_color=\u00a0\u00bb#FFFFFF\u00a0\u00bb background_color=\u00a0\u00bb#F25821&Prime; transform_skew_linked=\u00a0\u00bboff\u00a0\u00bb background_layout=\u00a0\u00bbdark\u00a0\u00bb custom_margin=\u00a0\u00bb||||true|false\u00a0\u00bb custom_padding=\u00a0\u00bb30px|25px|5px|25px|false|true\u00a0\u00bb custom_css_main_element=\u00a0\u00bb padding: 5rem;||    height: 80%;||    clip-path: polygon(0 0, 100% 15%, 100% 85%, 0 100%, 0 0); \u00a0\u00bb global_colors_info=\u00a0\u00bb{}\u00a0\u00bb]<\/p>\n<p style=\"text-align: center;\">L&rsquo;isolement social et la solitude touchent <br \/>plus de 1,5 million de Canadiens \u00e2g\u00e9s<br \/>&#8211;<a href=\"https:\/\/www150.statcan.gc.ca\/n1\/en\/pub\/82-003-x\/2020003\/article\/00003-eng.pdf?st=FoAqMq7M\" target=\"_blank\" rel=\"noopener\">\u00a02020 Rapport sur la sant\u00e9 de Statistique Canada<\/a><\/p>\n<ul><\/ul>\n<p>[\/et_pb_text][\/et_pb_column][\/et_pb_row][et_pb_row _builder_version=\u00a0\u00bb4.21.0&Prime; _module_preset=\u00a0\u00bbdefault\u00a0\u00bb custom_padding=\u00a0\u00bb23px|||||\u00a0\u00bb global_colors_info=\u00a0\u00bb{}\u00a0\u00bb][et_pb_column type=\u00a0\u00bb4_4&Prime; _builder_version=\u00a0\u00bb4.21.0&Prime; _module_preset=\u00a0\u00bbdefault\u00a0\u00bb global_colors_info=\u00a0\u00bb{}\u00a0\u00bb][et_pb_divider color=\u00a0\u00bb#707070&Prime; divider_position=\u00a0\u00bbcenter\u00a0\u00bb _builder_version=\u00a0\u00bb4.21.0&Prime; _module_preset=\u00a0\u00bbdefault\u00a0\u00bb global_colors_info=\u00a0\u00bb{}\u00a0\u00bb][\/et_pb_divider][et_pb_text _builder_version=\u00a0\u00bb4.21.0&Prime; _module_preset=\u00a0\u00bbdefault\u00a0\u00bb width=\u00a0\u00bb80%\u00a0\u00bb module_alignment=\u00a0\u00bbcenter\u00a0\u00bb global_colors_info=\u00a0\u00bb{}\u00a0\u00bb]<\/p>\n<h3 style=\"text-align: center;\"><strong>Le programme \u00ab\u00a0Vivre mieux\u00a0\u00bb soutient des initiatives nationales, r\u00e9gionales et locales visant \u00e0 am\u00e9liorer la vie des Canadiens vieillissants qui se heurtent actuellement \u00e0 des obstacles \u00e0 l&rsquo;inclusion :<\/strong><\/h3>\n<p>[\/et_pb_text][\/et_pb_column][\/et_pb_row][et_pb_row column_structure=\u00a0\u00bb1_3,1_3,1_3&Prime; _builder_version=\u00a0\u00bb4.21.0&Prime; _module_preset=\u00a0\u00bbdefault\u00a0\u00bb global_colors_info=\u00a0\u00bb{}\u00a0\u00bb][et_pb_column type=\u00a0\u00bb1_3&Prime; _builder_version=\u00a0\u00bb4.21.0&Prime; _module_preset=\u00a0\u00bbdefault\u00a0\u00bb global_colors_info=\u00a0\u00bb{}\u00a0\u00bb][et_pb_blurb title=\u00a0\u00bbVivre dans l&rsquo;ins\u00e9curit\u00e9 financi\u00e8re\u00a0\u00bb image=\u00a0\u00bbhttps:\/\/helpagecanada.ca\/wp-content\/uploads\/023-finance.png\u00a0\u00bb image_icon_width=\u00a0\u00bb50%\u00a0\u00bb _builder_version=\u00a0\u00bb4.21.0&Prime; _module_preset=\u00a0\u00bbdefault\u00a0\u00bb header_font=\u00a0\u00bbInter||||||||\u00a0\u00bb text_orientation=\u00a0\u00bbcenter\u00a0\u00bb width=\u00a0\u00bb90%\u00a0\u00bb module_alignment=\u00a0\u00bbcenter\u00a0\u00bb global_colors_info=\u00a0\u00bb{}\u00a0\u00bb][\/et_pb_blurb][\/et_pb_column][et_pb_column type=\u00a0\u00bb1_3&Prime; _builder_version=\u00a0\u00bb4.21.0&Prime; _module_preset=\u00a0\u00bbdefault\u00a0\u00bb global_colors_info=\u00a0\u00bb{}\u00a0\u00bb][et_pb_blurb title=\u00a0\u00bbVivre avec un niveau \u00e9lev\u00e9 de besoins en mati\u00e8re de sant\u00e9\u00a0\u00bb image=\u00a0\u00bbhttps:\/\/helpagecanada.ca\/wp-content\/uploads\/024-medical-invoice.png\u00a0\u00bb image_icon_width=\u00a0\u00bb50%\u00a0\u00bb _builder_version=\u00a0\u00bb4.21.0&Prime; _module_preset=\u00a0\u00bbdefault\u00a0\u00bb header_font=\u00a0\u00bbInter||||||||\u00a0\u00bb text_orientation=\u00a0\u00bbcenter\u00a0\u00bb width=\u00a0\u00bb90%\u00a0\u00bb module_alignment=\u00a0\u00bbcenter\u00a0\u00bb global_colors_info=\u00a0\u00bb{}\u00a0\u00bb][\/et_pb_blurb][\/et_pb_column][et_pb_column type=\u00a0\u00bb1_3&Prime; _builder_version=\u00a0\u00bb4.21.0&Prime; _module_preset=\u00a0\u00bbdefault\u00a0\u00bb global_colors_info=\u00a0\u00bb{}\u00a0\u00bb][et_pb_blurb title=\u00a0\u00bbVivre dans des zones mal desservies\u00a0\u00bb image=\u00a0\u00bbhttps:\/\/helpagecanada.ca\/wp-content\/uploads\/025-maps.png\u00a0\u00bb image_icon_width=\u00a0\u00bb50%\u00a0\u00bb _builder_version=\u00a0\u00bb4.21.0&Prime; _module_preset=\u00a0\u00bbdefault\u00a0\u00bb header_font=\u00a0\u00bbInter||||||||\u00a0\u00bb text_orientation=\u00a0\u00bbcenter\u00a0\u00bb width=\u00a0\u00bb90%\u00a0\u00bb module_alignment=\u00a0\u00bbcenter\u00a0\u00bb global_colors_info=\u00a0\u00bb{}\u00a0\u00bb][\/et_pb_blurb][\/et_pb_column][\/et_pb_row][et_pb_row _builder_version=\u00a0\u00bb4.21.0&Prime; _module_preset=\u00a0\u00bbdefault\u00a0\u00bb custom_padding=\u00a0\u00bb||60px|||\u00a0\u00bb global_colors_info=\u00a0\u00bb{}\u00a0\u00bb][et_pb_column type=\u00a0\u00bb4_4&Prime; _builder_version=\u00a0\u00bb4.21.0&Prime; _module_preset=\u00a0\u00bbdefault\u00a0\u00bb global_colors_info=\u00a0\u00bb{}\u00a0\u00bb][et_pb_text _builder_version=\u00a0\u00bb4.21.0&Prime; _module_preset=\u00a0\u00bbdefault\u00a0\u00bb width=\u00a0\u00bb75%\u00a0\u00bb module_alignment=\u00a0\u00bbcenter\u00a0\u00bb global_colors_info=\u00a0\u00bb{}\u00a0\u00bb]<\/p>\n<h6 style=\"text-align: center;\">Gr\u00e2ce \u00e0 la g\u00e9n\u00e9rosit\u00e9 de ses donateurs, Aide aux A\u00een\u00e9s Canada offre un soutien financier aux organisations partenaires locales qui s&rsquo;occupent des a\u00een\u00e9s canadiens.<\/h6>\n<p>[\/et_pb_text][\/et_pb_column][\/et_pb_row][\/et_pb_section][et_pb_section fb_built=\u00a0\u00bb1&Prime; custom_padding_last_edited=\u00a0\u00bbon|phone\u00a0\u00bb _builder_version=\u00a0\u00bb4.21.0&Prime; _module_preset=\u00a0\u00bbdefault\u00a0\u00bb background_color=\u00a0\u00bbrgba(220,215,209,0.6)\u00a0\u00bb custom_padding=\u00a0\u00bb50px||50px||true|\u00a0\u00bb custom_padding_tablet=\u00a0\u00bb50px||50px||true|\u00a0\u00bb custom_padding_phone=\u00a0\u00bb50px||0px||false|false\u00a0\u00bb global_colors_info=\u00a0\u00bb{}\u00a0\u00bb][et_pb_row _builder_version=\u00a0\u00bb4.21.0&Prime; _module_preset=\u00a0\u00bbdefault\u00a0\u00bb global_colors_info=\u00a0\u00bb{}\u00a0\u00bb][et_pb_column type=\u00a0\u00bb4_4&Prime; _builder_version=\u00a0\u00bb4.21.0&Prime; _module_preset=\u00a0\u00bbdefault\u00a0\u00bb global_colors_info=\u00a0\u00bb{}\u00a0\u00bb][et_pb_text _builder_version=\u00a0\u00bb4.21.0&Prime; _module_preset=\u00a0\u00bbdefault\u00a0\u00bb global_colors_info=\u00a0\u00bb{}\u00a0\u00bb]<\/p>\n<h2 style=\"text-align: center;\"><strong>Impact du programme<\/strong><\/h2>\n<p>[\/et_pb_text][\/et_pb_column][\/et_pb_row][et_pb_row column_structure=\u00a0\u00bb1_3,1_3,1_3&Prime; _builder_version=\u00a0\u00bb4.21.0&Prime; _module_preset=\u00a0\u00bbdefault\u00a0\u00bb global_colors_info=\u00a0\u00bb{}\u00a0\u00bb][et_pb_column type=\u00a0\u00bb1_3&Prime; _builder_version=\u00a0\u00bb4.21.0&Prime; _module_preset=\u00a0\u00bbdefault\u00a0\u00bb global_colors_info=\u00a0\u00bb{}\u00a0\u00bb][et_pb_number_counter title=\u00a0\u00bbvers\u00e9s \u00e0 des organisations communautaires locales\u00a0\u00bb number=\u00a0\u00bb742 \u00a0\u00bb percent_sign=\u00a0\u00bboff\u00a0\u00bb module_class=\u00a0\u00bbpa-number-counter-bothk-after\u00a0\u00bb _builder_version=\u00a0\u00bb4.22.1&Prime; _module_preset=\u00a0\u00bbdefault\u00a0\u00bb title_level=\u00a0\u00bbh4&Prime; title_font=\u00a0\u00bbInter||||||||\u00a0\u00bb number_font=\u00a0\u00bbInter|700|||||||\u00a0\u00bb number_text_color=\u00a0\u00bb#BB0F18&Prime; global_colors_info=\u00a0\u00bb{}\u00a0\u00bb][\/et_pb_number_counter][\/et_pb_column][et_pb_column type=\u00a0\u00bb1_3&Prime; _builder_version=\u00a0\u00bb4.21.0&Prime; _module_preset=\u00a0\u00bbdefault\u00a0\u00bb global_colors_info=\u00a0\u00bb{}\u00a0\u00bb][et_pb_number_counter title=\u00a0\u00bba\u00een\u00e9s canadiens mal desservis b\u00e9n\u00e9ficient directement de ce soutien\u00a0\u00bb number=\u00a0\u00bb5 000&Prime; percent_sign=\u00a0\u00bboff\u00a0\u00bb _builder_version=\u00a0\u00bb4.22.1&Prime; _module_preset=\u00a0\u00bbdefault\u00a0\u00bb title_level=\u00a0\u00bbh4&Prime; title_font=\u00a0\u00bbInter||||||||\u00a0\u00bb number_font=\u00a0\u00bbInter|700|||||||\u00a0\u00bb global_colors_info=\u00a0\u00bb{}\u00a0\u00bb][\/et_pb_number_counter][\/et_pb_column][et_pb_column type=\u00a0\u00bb1_3&Prime; _builder_version=\u00a0\u00bb4.21.0&Prime; _module_preset=\u00a0\u00bbdefault\u00a0\u00bb global_colors_info=\u00a0\u00bb{}\u00a0\u00bb][et_pb_number_counter title=\u00a0\u00bbconsacr\u00e9s \u00e0 des initiatives masculines visant \u00e0 lutter contre l&rsquo;isolement, la solitude et la d\u00e9pression\u00a0\u00bb number=\u00a0\u00bb63&Prime; percent_sign=\u00a0\u00bboff\u00a0\u00bb module_class=\u00a0\u00bbpa-number-counter-both-k-fr\u00a0\u00bb _builder_version=\u00a0\u00bb4.22.1&Prime; _module_preset=\u00a0\u00bbdefault\u00a0\u00bb title_level=\u00a0\u00bbh4&Prime; title_font=\u00a0\u00bbInter||||||||\u00a0\u00bb number_font=\u00a0\u00bbInter|700|||||||\u00a0\u00bb number_text_color=\u00a0\u00bb#F25821&Prime; global_colors_info=\u00a0\u00bb{}\u00a0\u00bb][\/et_pb_number_counter][\/et_pb_column][\/et_pb_row][\/et_pb_section][et_pb_section fb_built=\u00a0\u00bb1&Prime; _builder_version=\u00a0\u00bb4.21.0&Prime; _module_preset=\u00a0\u00bbdefault\u00a0\u00bb background_color=\u00a0\u00bbrgba(220,215,209,0.6)\u00a0\u00bb custom_padding=\u00a0\u00bb50px||50px||true|\u00a0\u00bb global_colors_info=\u00a0\u00bb{}\u00a0\u00bb][et_pb_row _builder_version=\u00a0\u00bb4.27.4&Prime; _module_preset=\u00a0\u00bbdefault\u00a0\u00bb hover_enabled=\u00a0\u00bb0&Prime; global_colors_info=\u00a0\u00bb{}\u00a0\u00bb sticky_enabled=\u00a0\u00bb0&Prime;][et_pb_column type=\u00a0\u00bb4_4&Prime; _builder_version=\u00a0\u00bb4.21.0&Prime; _module_preset=\u00a0\u00bbdefault\u00a0\u00bb global_colors_info=\u00a0\u00bb{}\u00a0\u00bb][et_pb_divider color=\u00a0\u00bb#707070&Prime; divider_position=\u00a0\u00bbcenter\u00a0\u00bb _builder_version=\u00a0\u00bb4.21.0&Prime; _module_preset=\u00a0\u00bbdefault\u00a0\u00bb width=\u00a0\u00bb90%\u00a0\u00bb custom_margin=\u00a0\u00bb||5px||false|false\u00a0\u00bb global_colors_info=\u00a0\u00bb{}\u00a0\u00bb][\/et_pb_divider][et_pb_text _builder_version=\u00a0\u00bb4.21.0&Prime; _module_preset=\u00a0\u00bbdefault\u00a0\u00bb width=\u00a0\u00bb85%\u00a0\u00bb module_alignment=\u00a0\u00bbcenter\u00a0\u00bb custom_margin=\u00a0\u00bb||7px|||\u00a0\u00bb global_colors_info=\u00a0\u00bb{}\u00a0\u00bb]<\/p>\n<p><strong>Initiatives en faveur du bien-\u00eatre<\/strong> &#8211; Soutien pour fournir aux personnes \u00e2g\u00e9es des \u00e9quipements ou des appareils essentiels pour la mobilit\u00e9, la communication, et\/ou pour des services de soutien quotidiens. Pour 2024, les services de soutien prioritaires sont li\u00e9s \u00e0 l&rsquo;acc\u00e8s \u00e0 l&rsquo;alimentation. <a href=\"https:\/\/helpagecanada.ca\/wp-content\/uploads\/Senior-Well-Being-Grant_Program-Description_-2024-FR.pdf\">Lire les crit\u00e8res d&rsquo;\u00e9ligibilit\u00e9.<\/a><\/p>\n<p><strong>Initiatives de programmation innovantes<\/strong> &#8211; Promouvoir le bien-\u00eatre gr\u00e2ce \u00e0 des programmes ax\u00e9s sur la sant\u00e9 physique ou mentale, la stabilit\u00e9 financi\u00e8re ou professionnelle, le bien-\u00eatre spirituel ou \u00e9motionnel, la cognition, les relations environnementaux ou communautaires, etc. <a href=\"https:\/\/helpagecanada.ca\/wp-content\/uploads\/Innovative-Programming_2024_FR.pdf\">Lire les crit\u00e8res d&rsquo;\u00e9ligibilit\u00e9.<\/a><\/p>\n<p>[\/et_pb_text][\/et_pb_column][\/et_pb_row][\/et_pb_section][et_pb_section fb_built=\u00a0\u00bb1&Prime; _builder_version=\u00a0\u00bb4.21.0&Prime; _module_preset=\u00a0\u00bbdefault\u00a0\u00bb background_color=\u00a0\u00bb#ED1350&Prime; custom_padding=\u00a0\u00bb65px||65px||true|\u00a0\u00bb locked=\u00a0\u00bboff\u00a0\u00bb global_colors_info=\u00a0\u00bb{}\u00a0\u00bb][et_pb_row custom_padding_last_edited=\u00a0\u00bbon|phone\u00a0\u00bb _builder_version=\u00a0\u00bb4.21.0&Prime; _module_preset=\u00a0\u00bbdefault\u00a0\u00bb width=\u00a0\u00bb55%\u00a0\u00bb width_tablet=\u00a0\u00bb55%\u00a0\u00bb width_phone=\u00a0\u00bb80%\u00a0\u00bb width_last_edited=\u00a0\u00bbon|phone\u00a0\u00bb custom_padding=\u00a0\u00bb||0px|||\u00a0\u00bb custom_padding_tablet=\u00a0\u00bb||0px|||\u00a0\u00bb custom_padding_phone=\u00a0\u00bb0px||0px||false|false\u00a0\u00bb global_colors_info=\u00a0\u00bb{}\u00a0\u00bb][et_pb_column type=\u00a0\u00bb4_4&Prime; _builder_version=\u00a0\u00bb4.21.0&Prime; _module_preset=\u00a0\u00bbdefault\u00a0\u00bb global_colors_info=\u00a0\u00bb{}\u00a0\u00bb][et_pb_text _builder_version=\u00a0\u00bb4.22.1&Prime; _module_preset=\u00a0\u00bbdefault\u00a0\u00bb text_font=\u00a0\u00bb|600|||||||\u00a0\u00bb header_2_font=\u00a0\u00bb|700|||||||\u00a0\u00bb background_layout=\u00a0\u00bbdark\u00a0\u00bb global_colors_info=\u00a0\u00bb{}\u00a0\u00bb]<\/p>\n<h2>Soutenez nos efforts<\/h2>\n<p>[\/et_pb_text][et_pb_text _builder_version=\u00a0\u00bb4.21.0&Prime; _module_preset=\u00a0\u00bbdefault\u00a0\u00bb text_font=\u00a0\u00bb|600|||||||\u00a0\u00bb header_2_font=\u00a0\u00bb|700|||||||\u00a0\u00bb background_layout=\u00a0\u00bbdark\u00a0\u00bb global_colors_info=\u00a0\u00bb{}\u00a0\u00bb]<\/p>\n<p>Nous appr\u00e9cions le soutien de nos g\u00e9n\u00e9reux donateurs qui nous aident \u00e0 cr\u00e9er un monde dans lequel toutes les personnes \u00e2g\u00e9es m\u00e8nent une vie s\u00fbre, saine, active et convenable.<\/p>\n<p>[\/et_pb_text][et_pb_button button_url=\u00a0\u00bb?form=donations\u00a0\u00bb button_text=\u00a0\u00bbDonnez\u00a0\u00bb button_alignment=\u00a0\u00bbleft\u00a0\u00bb _builder_version=\u00a0\u00bb4.22.1&Prime; _module_preset=\u00a0\u00bbdefault\u00a0\u00bb custom_button=\u00a0\u00bbon\u00a0\u00bb button_text_color=\u00a0\u00bb#ED1350&Prime; button_bg_color=\u00a0\u00bb#FFFFFF\u00a0\u00bb button_font=\u00a0\u00bb|||on|||||\u00a0\u00bb custom_padding=\u00a0\u00bb|30px||30px|false|true\u00a0\u00bb global_colors_info=\u00a0\u00bb{}\u00a0\u00bb][\/et_pb_button][\/et_pb_column][\/et_pb_row][\/et_pb_section]<\/p>\n","protected":false},"excerpt":{"rendered":"<p>Les d\u00e9cisions seront communiqu\u00e9es par courrier \u00e9lectronique avant la fin de la journ\u00e9e du 21 mai. Les organisations communautaires pancanadiennes qui soutiennent les personnes a\u00een\u00e9es peuvent demander des subventions pouvant atteindre 20 000 $ pour renforcer les liens sociaux, lutter contre l\u2019\u00e2gisme et promouvoir le bien-\u00eatre. Les volets de cette ann\u00e9e comprennent Vieillir en action, [&hellip;]<\/p>\n","protected":false},"author":10,"featured_media":0,"parent":51871,"menu_order":0,"comment_status":"closed","ping_status":"closed","template":"","meta":{"_acf_changed":false,"_et_pb_use_builder":"on","_et_pb_old_content":"","_et_gb_content_width":"","om_disable_all_campaigns":false,"_monsterinsights_skip_tracking":false,"_monsterinsights_sitenote_active":false,"_monsterinsights_sitenote_note":"","_monsterinsights_sitenote_category":0,"_uf_show_specific_survey":0,"_uf_disable_surveys":false,"footnotes":""},"dipi_cpt_category":[],"class_list":["post-51875","page","type-page","status-publish","hentry"],"acf":[],"_links":{"self":[{"href":"https:\/\/helpagecanada.ca\/fr\/wp-json\/wp\/v2\/pages\/51875","targetHints":{"allow":["GET"]}}],"collection":[{"href":"https:\/\/helpagecanada.ca\/fr\/wp-json\/wp\/v2\/pages"}],"about":[{"href":"https:\/\/helpagecanada.ca\/fr\/wp-json\/wp\/v2\/types\/page"}],"author":[{"embeddable":true,"href":"https:\/\/helpagecanada.ca\/fr\/wp-json\/wp\/v2\/users\/10"}],"replies":[{"embeddable":true,"href":"https:\/\/helpagecanada.ca\/fr\/wp-json\/wp\/v2\/comments?post=51875"}],"version-history":[{"count":0,"href":"https:\/\/helpagecanada.ca\/fr\/wp-json\/wp\/v2\/pages\/51875\/revisions"}],"up":[{"embeddable":true,"href":"https:\/\/helpagecanada.ca\/fr\/wp-json\/wp\/v2\/pages\/51871"}],"wp:attachment":[{"href":"https:\/\/helpagecanada.ca\/fr\/wp-json\/wp\/v2\/media?parent=51875"}],"wp:term":[{"taxonomy":"dipi_cpt_category","embeddable":true,"href":"https:\/\/helpagecanada.ca\/fr\/wp-json\/wp\/v2\/dipi_cpt_category?post=51875"}],"curies":[{"name":"wp","href":"https:\/\/api.w.org\/{rel}","templated":true}]}}