{"id":51871,"date":"2023-05-26T14:52:01","date_gmt":"2023-05-26T14:52:01","guid":{"rendered":"https:\/\/helpagecanada.wpengine.com\/nos-programmes\/canadian-programs\/"},"modified":"2023-12-19T04:45:24","modified_gmt":"2023-12-19T04:45:24","slug":"programmes-canadiens","status":"publish","type":"page","link":"https:\/\/helpagecanada.ca\/fr\/nos-programmes\/programmes-canadiens\/","title":{"rendered":"Programmes canadiens"},"content":{"rendered":"<p>[et_pb_section fb_built=\u00a0\u00bb1&Prime; _builder_version=\u00a0\u00bb4.18.0&Prime; _module_preset=\u00a0\u00bbdefault\u00a0\u00bb custom_css_main_element=\u00a0\u00bbbackground: linear-gradient(183deg, rgba(0, 0, 0, 0) 65%, rgba(197,13,13,0.68) 65%), url(https:\/\/helpagecanada.ca\/wp-content\/uploads\/AdobeStock_279935387-1-scaled-e1666643692686.jpeg);||background-position: center;||background-size: cover;\u00a0\u00bb locked=\u00a0\u00bboff\u00a0\u00bb global_colors_info=\u00a0\u00bb{}\u00a0\u00bb][et_pb_row _builder_version=\u00a0\u00bb4.18.0&Prime; _module_preset=\u00a0\u00bbdefault\u00a0\u00bb global_colors_info=\u00a0\u00bb{}\u00a0\u00bb][et_pb_column type=\u00a0\u00bb4_4&Prime; _builder_version=\u00a0\u00bb4.18.0&Prime; _module_preset=\u00a0\u00bbdefault\u00a0\u00bb global_colors_info=\u00a0\u00bb{}\u00a0\u00bb][et_pb_text _builder_version=\u00a0\u00bb4.22.1&Prime; _module_preset=\u00a0\u00bbdefault\u00a0\u00bb header_text_color=\u00a0\u00bb#FFFFFF\u00a0\u00bb header_2_text_color=\u00a0\u00bb#FFFFFF\u00a0\u00bb width=\u00a0\u00bb80%\u00a0\u00bb module_alignment=\u00a0\u00bbleft\u00a0\u00bb custom_padding=\u00a0\u00bb375px||10px||false|false\u00a0\u00bb header_text_shadow_style=\u00a0\u00bbpreset2&Prime; global_colors_info=\u00a0\u00bb{}\u00a0\u00bb]<\/p>\n<h2 style=\"text-align: left;\"><img loading=\"lazy\" decoding=\"async\" src=\"https:\/\/helpagecanada.ca\/wp-content\/uploads\/Canada-half-leaf@6x.png\" width=\"34\" height=\"66\" alt=\"\" class=\"wp-image-49350 alignnone size-full\" style=\"float: left; margin-right: 10px; margin-top: 10px;\" \/><strong>Soutenir les personnes \u00e2g\u00e9es d&rsquo;un bout \u00e0 l&rsquo;autre du pays pour qu&rsquo;elles puissent vieillir dans la dignit\u00e9<\/strong><\/h2>\n<p>[\/et_pb_text][\/et_pb_column][\/et_pb_row][\/et_pb_section][et_pb_section fb_built=\u00a0\u00bb1&Prime; _builder_version=\u00a0\u00bb4.18.0&Prime; _module_preset=\u00a0\u00bbdefault\u00a0\u00bb custom_padding=\u00a0\u00bb||50px|||\u00a0\u00bb locked=\u00a0\u00bboff\u00a0\u00bb global_colors_info=\u00a0\u00bb{}\u00a0\u00bb][et_pb_row column_structure=\u00a0\u00bb1_2,1_2&Prime; _builder_version=\u00a0\u00bb4.21.0&Prime; _module_preset=\u00a0\u00bbdefault\u00a0\u00bb global_colors_info=\u00a0\u00bb{}\u00a0\u00bb][et_pb_column type=\u00a0\u00bb1_2&Prime; _builder_version=\u00a0\u00bb4.18.0&Prime; _module_preset=\u00a0\u00bbdefault\u00a0\u00bb global_colors_info=\u00a0\u00bb{}\u00a0\u00bb][et_pb_text _builder_version=\u00a0\u00bb4.21.0&Prime; _module_preset=\u00a0\u00bbdefault\u00a0\u00bb text_font=\u00a0\u00bb||||||||\u00a0\u00bb global_colors_info=\u00a0\u00bb{}\u00a0\u00bb]<\/p>\n<p>Tous les programmes nationaux d&rsquo;Aide aux A\u00een\u00e9s Canada sont ax\u00e9s sur l&rsquo;am\u00e9lioration de la qualit\u00e9 de vie des personnes \u00e2g\u00e9es ayant des besoins particuliers et des barri\u00e8res sociales et \u00e9conomiques qui limitent souvent leur contribution active \u00e0 la soci\u00e9t\u00e9.<\/p>\n<p>Les services de proximit\u00e9 de premi\u00e8re ligne sont essentiels pour assurer le bien-\u00eatre des personnes \u00e2g\u00e9es, car ils offrent des programmes vitaux qui r\u00e9pondent \u00e0 leurs besoins \u00e0 proximit\u00e9 de leur domicile.<\/p>\n<p>Ensemble, nous pouvons am\u00e9liorer le bien-\u00eatre des personnes \u00e2g\u00e9es et surmonter les graves probl\u00e8mes de sant\u00e9 sociale, mentale et physique qui r\u00e9sultent directement de l&rsquo;isolement et de la solitude.<\/p>\n<p>[\/et_pb_text][\/et_pb_column][et_pb_column type=\u00a0\u00bb1_2&Prime; _builder_version=\u00a0\u00bb4.18.0&Prime; _module_preset=\u00a0\u00bbdefault\u00a0\u00bb global_colors_info=\u00a0\u00bb{}\u00a0\u00bb][et_pb_text _builder_version=\u00a0\u00bb4.21.0&Prime; _module_preset=\u00a0\u00bbdefault\u00a0\u00bb text_font=\u00a0\u00bbInter|700|||||||\u00a0\u00bb link_font=\u00a0\u00bb|700|||||||\u00a0\u00bb link_text_color=\u00a0\u00bb#FFFFFF\u00a0\u00bb background_color=\u00a0\u00bb#BB0F18&Prime; transform_skew_linked=\u00a0\u00bboff\u00a0\u00bb text_orientation=\u00a0\u00bbcenter\u00a0\u00bb background_layout=\u00a0\u00bbdark\u00a0\u00bb custom_padding=\u00a0\u00bb25px|25px|15px|25px|false|true\u00a0\u00bb custom_css_main_element=\u00a0\u00bbpadding: 5rem;||    height: 80%;||    clip-path: polygon(0 15%, 100% 0%, 100% 100%, 0 85%, 0 0); \u00a0\u00bb global_colors_info=\u00a0\u00bb{}\u00a0\u00bb]<\/p>\n<p>L&rsquo;isolement social et la solitude touchent <br \/>plus de 1,5 million de Canadiens \u00e2g\u00e9s<br \/>&#8211; <a href=\"https:\/\/www150.statcan.gc.ca\/n1\/en\/pub\/82-003-x\/2020003\/article\/00003-eng.pdf?st=FoAqMq7M\">2020 Rapport sur la sant\u00e9 de Statistique Canada<\/a><\/p>\n<p>[\/et_pb_text][et_pb_text _builder_version=\u00a0\u00bb4.21.0&Prime; _module_preset=\u00a0\u00bbdefault\u00a0\u00bb text_font=\u00a0\u00bbInter|700|||||||\u00a0\u00bb background_color=\u00a0\u00bb#F25821&Prime; background_layout=\u00a0\u00bbdark\u00a0\u00bb custom_padding=\u00a0\u00bb25px|25px|15px|25px|false|true\u00a0\u00bb custom_css_main_element=\u00a0\u00bb padding: 5rem;||    height: 80%;||    clip-path: polygon(0 0, 100% 15%, 100% 85%, 0 100%, 0 0); \u00a0\u00bb global_colors_info=\u00a0\u00bb{}\u00a0\u00bb]<\/p>\n<p style=\"text-align: center;\">1 Canadien sur 5 a plus de 65 ans. <br \/>Bien qu&rsquo;il s&rsquo;agisse de l&rsquo;un des groupes d\u00e9mographiques les plus importants au Canada, les services communautaires essentiels destin\u00e9s aux personnes \u00e2g\u00e9es souffrent d&rsquo;un sous-financement chronique.<\/p>\n<p>[\/et_pb_text][\/et_pb_column][\/et_pb_row][et_pb_row column_structure=\u00a0\u00bb1_2,1_2&Prime; _builder_version=\u00a0\u00bb4.21.0&Prime; _module_preset=\u00a0\u00bbdefault\u00a0\u00bb global_colors_info=\u00a0\u00bb{}\u00a0\u00bb][et_pb_column type=\u00a0\u00bb1_2&Prime; _builder_version=\u00a0\u00bb4.21.0&Prime; _module_preset=\u00a0\u00bbdefault\u00a0\u00bb global_colors_info=\u00a0\u00bb{}\u00a0\u00bb][et_pb_image src=\u00a0\u00bbhttps:\/\/helpagecanada.ca\/wp-content\/uploads\/VivreMieux_colour.png\u00a0\u00bb title_text=\u00a0\u00bbVivreMieux_colour\u00a0\u00bb url=\u00a0\u00bbhttps:\/\/helpagecanada.ca\/fr\/nos-programmes\/programmes-canadiens\/vivre-mieux\/\u00a0\u00bb show_bottom_space=\u00a0\u00bboff\u00a0\u00bb _builder_version=\u00a0\u00bb4.22.1&Prime; _module_preset=\u00a0\u00bbdefault\u00a0\u00bb custom_margin=\u00a0\u00bb||||false|false\u00a0\u00bb custom_padding=\u00a0\u00bb20px||20px||true|false\u00a0\u00bb global_colors_info=\u00a0\u00bb{}\u00a0\u00bb][\/et_pb_image][\/et_pb_column][et_pb_column type=\u00a0\u00bb1_2&Prime; _builder_version=\u00a0\u00bb4.21.0&Prime; _module_preset=\u00a0\u00bbdefault\u00a0\u00bb global_colors_info=\u00a0\u00bb{}\u00a0\u00bb][et_pb_image src=\u00a0\u00bbhttps:\/\/helpagecanada.ca\/wp-content\/uploads\/DomicilePartege_colour.png\u00a0\u00bb title_text=\u00a0\u00bbDomicilePartege_colour\u00a0\u00bb url=\u00a0\u00bbhttps:\/\/helpagecanada.ca\/fr\/nos-programmes\/programmes-canadiens\/domicile-partage\/\u00a0\u00bb show_bottom_space=\u00a0\u00bboff\u00a0\u00bb _builder_version=\u00a0\u00bb4.22.1&Prime; _module_preset=\u00a0\u00bbdefault\u00a0\u00bb width=\u00a0\u00bb75%\u00a0\u00bb custom_margin=\u00a0\u00bb||||false|false\u00a0\u00bb custom_padding=\u00a0\u00bb20px||20px||true|false\u00a0\u00bb global_colors_info=\u00a0\u00bb{}\u00a0\u00bb][\/et_pb_image][\/et_pb_column][\/et_pb_row][et_pb_row column_structure=\u00a0\u00bb1_2,1_2&Prime; _builder_version=\u00a0\u00bb4.21.0&Prime; _module_preset=\u00a0\u00bbdefault\u00a0\u00bb global_colors_info=\u00a0\u00bb{}\u00a0\u00bb][et_pb_column type=\u00a0\u00bb1_2&Prime; _builder_version=\u00a0\u00bb4.21.0&Prime; _module_preset=\u00a0\u00bbdefault\u00a0\u00bb global_colors_info=\u00a0\u00bb{}\u00a0\u00bb][et_pb_image src=\u00a0\u00bbhttps:\/\/helpagecanada.ca\/wp-content\/uploads\/AinesBranches_colour.png\u00a0\u00bb title_text=\u00a0\u00bbAinesBranches_colour\u00a0\u00bb url=\u00a0\u00bbhttps:\/\/helpagecanada.ca\/fr\/nos-programmes\/programmes-canadiens\/aines-branches\/\u00a0\u00bb _builder_version=\u00a0\u00bb4.22.1&Prime; _module_preset=\u00a0\u00bbdefault\u00a0\u00bb custom_margin=\u00a0\u00bb0px||||false|false\u00a0\u00bb global_colors_info=\u00a0\u00bb{}\u00a0\u00bb][\/et_pb_image][\/et_pb_column][et_pb_column type=\u00a0\u00bb1_2&Prime; _builder_version=\u00a0\u00bb4.21.0&Prime; _module_preset=\u00a0\u00bbdefault\u00a0\u00bb global_colors_info=\u00a0\u00bb{}\u00a0\u00bb][et_pb_image src=\u00a0\u00bbhttps:\/\/helpagecanada.ca\/wp-content\/uploads\/AccesMobilite_colour.png\u00a0\u00bb title_text=\u00a0\u00bbAccesMobilite_colour\u00a0\u00bb url=\u00a0\u00bbhttps:\/\/helpagecanada.ca\/fr\/nos-programmes\/programmes-canadiens\/acces-mobilite\/\u00a0\u00bb _builder_version=\u00a0\u00bb4.22.1&Prime; _module_preset=\u00a0\u00bbdefault\u00a0\u00bb width=\u00a0\u00bb90%\u00a0\u00bb custom_margin=\u00a0\u00bb0px||||false|false\u00a0\u00bb global_colors_info=\u00a0\u00bb{}\u00a0\u00bb][\/et_pb_image][\/et_pb_column][\/et_pb_row][\/et_pb_section][et_pb_section fb_built=\u00a0\u00bb1&Prime; _builder_version=\u00a0\u00bb4.21.0&Prime; _module_preset=\u00a0\u00bbdefault\u00a0\u00bb background_color=\u00a0\u00bb#ED1350&Prime; custom_padding=\u00a0\u00bb65px||65px||true|\u00a0\u00bb locked=\u00a0\u00bboff\u00a0\u00bb global_colors_info=\u00a0\u00bb{}\u00a0\u00bb][et_pb_row _builder_version=\u00a0\u00bb4.21.0&Prime; _module_preset=\u00a0\u00bbdefault\u00a0\u00bb width=\u00a0\u00bb55%\u00a0\u00bb width_tablet=\u00a0\u00bb55%\u00a0\u00bb width_phone=\u00a0\u00bb80%\u00a0\u00bb width_last_edited=\u00a0\u00bbon|phone\u00a0\u00bb custom_padding=\u00a0\u00bb||||false|false\u00a0\u00bb global_colors_info=\u00a0\u00bb{}\u00a0\u00bb][et_pb_column type=\u00a0\u00bb4_4&Prime; _builder_version=\u00a0\u00bb4.21.0&Prime; _module_preset=\u00a0\u00bbdefault\u00a0\u00bb global_colors_info=\u00a0\u00bb{}\u00a0\u00bb][et_pb_text _builder_version=\u00a0\u00bb4.22.1&Prime; _module_preset=\u00a0\u00bbdefault\u00a0\u00bb text_font=\u00a0\u00bb|600|||||||\u00a0\u00bb header_2_font=\u00a0\u00bb|700|||||||\u00a0\u00bb background_layout=\u00a0\u00bbdark\u00a0\u00bb global_colors_info=\u00a0\u00bb{}\u00a0\u00bb]<\/p>\n<h2>Soutenez nos efforts<\/h2>\n<p>[\/et_pb_text][et_pb_text _builder_version=\u00a0\u00bb4.21.0&Prime; _module_preset=\u00a0\u00bbdefault\u00a0\u00bb text_font=\u00a0\u00bb|600|||||||\u00a0\u00bb header_2_font=\u00a0\u00bb|700|||||||\u00a0\u00bb background_layout=\u00a0\u00bbdark\u00a0\u00bb global_colors_info=\u00a0\u00bb{}\u00a0\u00bb]<\/p>\n<p>Nous appr\u00e9cions le soutien de nos g\u00e9n\u00e9reux donateurs qui nous aident \u00e0 cr\u00e9er un monde dans lequel toutes les personnes \u00e2g\u00e9es m\u00e8nent une vie s\u00fbre, saine, active et convenable.<\/p>\n<p>[\/et_pb_text][et_pb_button button_url=\u00a0\u00bb?form=donations\u00a0\u00bb button_text=\u00a0\u00bbDonnez\u00a0\u00bb button_alignment=\u00a0\u00bbleft\u00a0\u00bb _builder_version=\u00a0\u00bb4.22.1&Prime; _module_preset=\u00a0\u00bbdefault\u00a0\u00bb custom_button=\u00a0\u00bbon\u00a0\u00bb button_text_color=\u00a0\u00bb#ED1350&Prime; button_bg_color=\u00a0\u00bb#FFFFFF\u00a0\u00bb button_font=\u00a0\u00bb|||on|||||\u00a0\u00bb custom_padding=\u00a0\u00bb|30px||30px|false|true\u00a0\u00bb hover_enabled=\u00a0\u00bb0&Prime; global_colors_info=\u00a0\u00bb{}\u00a0\u00bb sticky_enabled=\u00a0\u00bb0&Prime;][\/et_pb_button][\/et_pb_column][\/et_pb_row][\/et_pb_section]<\/p>\n","protected":false},"excerpt":{"rendered":"<p>Soutenir les personnes \u00e2g\u00e9es d&rsquo;un bout \u00e0 l&rsquo;autre du pays pour qu&rsquo;elles puissent vieillir dans la dignit\u00e9Tous les programmes nationaux d&rsquo;Aide aux A\u00een\u00e9s Canada sont ax\u00e9s sur l&rsquo;am\u00e9lioration de la qualit\u00e9 de vie des personnes \u00e2g\u00e9es ayant des besoins particuliers et des barri\u00e8res sociales et \u00e9conomiques qui limitent souvent leur contribution active \u00e0 la soci\u00e9t\u00e9. [&hellip;]<\/p>\n","protected":false},"author":10,"featured_media":0,"parent":51867,"menu_order":0,"comment_status":"closed","ping_status":"closed","template":"","meta":{"_acf_changed":false,"_et_pb_use_builder":"on","_et_pb_old_content":"","_et_gb_content_width":"","om_disable_all_campaigns":false,"_monsterinsights_skip_tracking":false,"_monsterinsights_sitenote_active":false,"_monsterinsights_sitenote_note":"","_monsterinsights_sitenote_category":0,"_uf_show_specific_survey":0,"_uf_disable_surveys":false,"footnotes":""},"dipi_cpt_category":[],"class_list":["post-51871","page","type-page","status-publish","hentry"],"acf":[],"_links":{"self":[{"href":"https:\/\/helpagecanada.ca\/fr\/wp-json\/wp\/v2\/pages\/51871","targetHints":{"allow":["GET"]}}],"collection":[{"href":"https:\/\/helpagecanada.ca\/fr\/wp-json\/wp\/v2\/pages"}],"about":[{"href":"https:\/\/helpagecanada.ca\/fr\/wp-json\/wp\/v2\/types\/page"}],"author":[{"embeddable":true,"href":"https:\/\/helpagecanada.ca\/fr\/wp-json\/wp\/v2\/users\/10"}],"replies":[{"embeddable":true,"href":"https:\/\/helpagecanada.ca\/fr\/wp-json\/wp\/v2\/comments?post=51871"}],"version-history":[{"count":0,"href":"https:\/\/helpagecanada.ca\/fr\/wp-json\/wp\/v2\/pages\/51871\/revisions"}],"up":[{"embeddable":true,"href":"https:\/\/helpagecanada.ca\/fr\/wp-json\/wp\/v2\/pages\/51867"}],"wp:attachment":[{"href":"https:\/\/helpagecanada.ca\/fr\/wp-json\/wp\/v2\/media?parent=51871"}],"wp:term":[{"taxonomy":"dipi_cpt_category","embeddable":true,"href":"https:\/\/helpagecanada.ca\/fr\/wp-json\/wp\/v2\/dipi_cpt_category?post=51871"}],"curies":[{"name":"wp","href":"https:\/\/api.w.org\/{rel}","templated":true}]}}